{"id":225,"date":"2016-07-25T07:47:48","date_gmt":"2016-07-25T07:47:48","guid":{"rendered":"http:\/\/www.spab-rice.com\/wordpress\/demo\/dani-demo\/?page_id=107"},"modified":"2018-05-18T10:34:27","modified_gmt":"2018-05-18T09:34:27","slug":"about","status":"publish","type":"page","link":"https:\/\/www.jean-michel-ducasse.com\/boutique\/about\/","title":{"rendered":"Comp\u00e9tences"},"content":{"rendered":"<div class=\"spacer spacer-big\"><\/div><div class=\"wrapper-small\"><div id=\"\" class=\"column-section clearfix spaced-normal \"><div  class=\"column one-full last-col \" >\n<h2>Quelles sont mes comp\u00e9tences, que puis-je vous apporter ?<\/h2>\n<div class=\"spacer spacer-medium\"><\/div><\/div><\/div><\/div><div class=\"wrapper-small\"><div id=\"\" class=\"column-section clearfix spaced-normal \"><div  class=\"column one-half  \" >\n<h3>Photographe \u00e9v\u00e9nementiel<\/h3>\n<p>De nombreux clients me font confiance pour restituer au mieux le d\u00e9roulement et les instants d\u00e9cisifs de leur \u00e9v\u00e9nement. Mon regard de photographe est au service de votre structure<\/p>\n<\/div><div  class=\"column one-half last-col \" ><\/div><\/div><\/div><div class=\"spacer spacer-big\"><\/div><div class=\"wrapper\"><div id=\"\" class=\"column-section clearfix spaced-normal \"><div  class=\"column one-third  \" >\n<h3>Reportages<\/h3>\n<p><img loading=\"lazy\" decoding=\"async\" class=\"aligncenter wp-image-639 size-large\" src=\"http:\/\/www.jean-michel-ducasse.com\/NEW\/wp-content\/uploads\/2018\/05\/alki-682x1024.jpg\" alt=\"Exemple de photo issue d'une reportage\" width=\"682\" height=\"1024\" srcset=\"https:\/\/www.jean-michel-ducasse.com\/boutique\/wp-content\/uploads\/2018\/05\/alki-682x1024.jpg 682w, https:\/\/www.jean-michel-ducasse.com\/boutique\/wp-content\/uploads\/2018\/05\/alki-416x625.jpg 416w, https:\/\/www.jean-michel-ducasse.com\/boutique\/wp-content\/uploads\/2018\/05\/alki-200x300.jpg 200w, https:\/\/www.jean-michel-ducasse.com\/boutique\/wp-content\/uploads\/2018\/05\/alki-768x1153.jpg 768w, https:\/\/www.jean-michel-ducasse.com\/boutique\/wp-content\/uploads\/2018\/05\/alki-420x631.jpg 420w, https:\/\/www.jean-michel-ducasse.com\/boutique\/wp-content\/uploads\/2018\/05\/alki-600x901.jpg 600w, https:\/\/www.jean-michel-ducasse.com\/boutique\/wp-content\/uploads\/2018\/05\/alki.jpg 796w\" sizes=\"auto, (max-width: 682px) 100vw, 682px\" \/><\/p>\n<h3>Photographe de reportage<\/h3>\n<p>Le reportage en entreprise me permet de retranscrire votre image et votre savoir-faire sur vos supports visuels. Ceux-ci pourront \u00eatre utilis\u00e9s sur vos plaquettes, sites Internet, et divers supports de communication<\/p>\n<\/div><div  class=\"column one-third  \" >\n<h3>Photographie industrielle<\/h3>\n<p><img loading=\"lazy\" decoding=\"async\" class=\"aligncenter wp-image-640 size-large\" src=\"http:\/\/www.jean-michel-ducasse.com\/NEW\/wp-content\/uploads\/2018\/05\/TIGF-mont-9719-682x1024.jpg\" alt=\"Exemple de photographie industrielle\" width=\"682\" height=\"1024\" srcset=\"https:\/\/www.jean-michel-ducasse.com\/boutique\/wp-content\/uploads\/2018\/05\/TIGF-mont-9719-682x1024.jpg 682w, https:\/\/www.jean-michel-ducasse.com\/boutique\/wp-content\/uploads\/2018\/05\/TIGF-mont-9719-416x625.jpg 416w, https:\/\/www.jean-michel-ducasse.com\/boutique\/wp-content\/uploads\/2018\/05\/TIGF-mont-9719-200x300.jpg 200w, https:\/\/www.jean-michel-ducasse.com\/boutique\/wp-content\/uploads\/2018\/05\/TIGF-mont-9719-768x1153.jpg 768w, https:\/\/www.jean-michel-ducasse.com\/boutique\/wp-content\/uploads\/2018\/05\/TIGF-mont-9719-420x631.jpg 420w, https:\/\/www.jean-michel-ducasse.com\/boutique\/wp-content\/uploads\/2018\/05\/TIGF-mont-9719-600x901.jpg 600w, https:\/\/www.jean-michel-ducasse.com\/boutique\/wp-content\/uploads\/2018\/05\/TIGF-mont-9719.jpg 796w\" sizes=\"auto, (max-width: 682px) 100vw, 682px\" \/><\/p>\n<h3>Photographe industriel<\/h3>\n<p>Je r\u00e9alise des reportages sur sites industriels mettant en valeur vos m\u00e9tiers et sites. Mon exp\u00e9rience et mon savoir-faire me permettent une aisance sur site prot\u00e9g\u00e9s<\/p>\n<\/div><div  class=\"column one-third last-col \" >\n<h3>Portraits photo<\/h3>\n<p><img loading=\"lazy\" decoding=\"async\" class=\"alignnone wp-image-638 size-large\" src=\"http:\/\/www.jean-michel-ducasse.com\/NEW\/wp-content\/uploads\/2018\/05\/alain-web-682x1024.jpg\" alt=\"Exemple de portrait corporate\" width=\"682\" height=\"1024\" srcset=\"https:\/\/www.jean-michel-ducasse.com\/boutique\/wp-content\/uploads\/2018\/05\/alain-web-682x1024.jpg 682w, https:\/\/www.jean-michel-ducasse.com\/boutique\/wp-content\/uploads\/2018\/05\/alain-web-416x625.jpg 416w, https:\/\/www.jean-michel-ducasse.com\/boutique\/wp-content\/uploads\/2018\/05\/alain-web-200x300.jpg 200w, https:\/\/www.jean-michel-ducasse.com\/boutique\/wp-content\/uploads\/2018\/05\/alain-web-768x1153.jpg 768w, https:\/\/www.jean-michel-ducasse.com\/boutique\/wp-content\/uploads\/2018\/05\/alain-web-420x631.jpg 420w, https:\/\/www.jean-michel-ducasse.com\/boutique\/wp-content\/uploads\/2018\/05\/alain-web-600x901.jpg 600w, https:\/\/www.jean-michel-ducasse.com\/boutique\/wp-content\/uploads\/2018\/05\/alain-web.jpg 796w\" sizes=\"auto, (max-width: 682px) 100vw, 682px\" \/><\/p>\n<h3>Photographe de portrait<\/h3>\n<p>Je photographie r\u00e9guli\u00e8rement des collaborateurs lors de mes reportages en entreprise. Le portrait sur poste de travail permet une mise en valeur de la personne et de son m\u00e9tier<\/p>\n<\/div><\/div><\/div><div class=\"spacer spacer-medium\"><\/div><div class=\"wrapper\"><div id=\"\" class=\"column-section clearfix spaced-normal \"><div  class=\"column one-full last-col \" >\n<h2>Mes reportages<\/h2>\n<h4><span style=\"color: #808080;\">CETIM| TOTAL | OPPB | TIGF | CITROEN | VERTEGO | TOMOADOUR | AETS GROUP | A\u00c9ROPROTEC | GROUPE SIPA | LES FILLES D&rsquo;ATELIER 13 | CAVE DU PALAIS | LE COMPTOIR DE LUCIE | MADEMOISELLE MARGUERITE | SPA TERRA NOSTRA | CUISINES TENDANCES | GALLAZZINI | CONTRESENS | CASH VIN | VERSION | ART ET VINTAGE | NAOMI | MAISON DAIGNAS | VOG&rsquo; | LILI ET JOSEPHINE | STYLOR | CHEZ CANAILLE | DAVID FERREIRA | LE MAS DES AR\u00d4MES | LE MOND\u00c9BO | MAISON CONSTANTI | PO-NOUILLES | LES SARDINES | BIJOUTERIE MOREAU | ARTIGARR\u00c8DE | COZYN | MANHATTAN | PAU&rsquo;S CAF\u00c9 | BIJOUTERIE PAG\u00c8S | LE BEFORE PUB | MYLO | PEA | LES PIPELETTES | LBM &#8211; LA BONNE MAISON | VERT DE GRIS | BERGAMOTE | R\u00c9LIE | LACLAU CR\u00c9ATEURS ET MAISON | CAF\u00c9 DU PASSAGE | CARTE BLANCHE | CLAUDET MOTO | LE POULET A TROIS PATTES | 1609 | YANN AUGE | MARIE-CHARLOTTE OPTICIEN | CAMPISTRO | ATELIER BLAISE BIANCHI | ORIGIN&rsquo;L | ARTIGA | THIERRY BORDENAVE | VIGNOBLES BRUMONT | VINTAGE CAFE | YOU SUSHI | ALFRED ET LES GRANDS | LE CORNER DE SOPHIE | MADAME ET MONSIEUR BOUTIQUE | VENDREDI TH\u00c9R\u00c8SE | H\u00d4TEL DU PALAIS | DOMAINE DE SOUCH | CH\u00c2TEAU DE PAU | L&rsquo;\u00c9TIQUETTE | LE PASSAGE | LA COUPOLE | VOLVO PAU | LES ATELIERS DE CHLO\u00c9E | OLIVIERS &amp; CO | LA BELLE \u00c9POQUE | D\u00c9TOURS | LOU ESBERIT | QUE&rsquo;M PLATZ | POSTURE, L&rsquo;ATELIER PILATES | ATELIER JP BOUV\u00c9E | BLEU NOIR | LE R\u00c9GINA BIARRITZ H\u00d4TEL &amp; SPA MGALLERY BY SOFITEL | DIDIER GABORIT | LE GANTELET DU ROY | COMPAGNIE ANGLAISE DES TH\u00c9S | BEARNAISE HABITAT | LA BR\u00dbLERIE ROYALE | SKUNKFUNK | BOCONCEPT | OKKO HOTELS | JEAN-MARC CASTEIGT | ATELIER COURR\u00c8GES | LITTLE MADI | GRAND PRIX DE PAU | LA MAGIE DE LA CASSEROLE | LE GUEULETON | GALERIE MUSCARI &#8211; ADRIEN TERRET | LE VIOLON DANS L&rsquo;AME | NEXT STEP | SPA ALAENA |<\/span><\/h4>\n<\/div><\/div><\/div><div class=\"spacer spacer-medium\"><\/div><div class=\"wrapper\"><div id=\"\" class=\"column-section clearfix spaced-normal \"><div  class=\"column one-third  \" >\n<h3>Ev\u00e9nementiel<\/h3>\n<p><img loading=\"lazy\" decoding=\"async\" class=\"aligncenter wp-image-743 size-large\" src=\"http:\/\/www.jean-michel-ducasse.com\/NEW\/wp-content\/uploads\/2018\/05\/JMD-3050-1024x682.jpg\" alt=\"Exemple de photo issue d'un reportage \u00e9v\u00e9nementiel\" width=\"1024\" height=\"682\" srcset=\"https:\/\/www.jean-michel-ducasse.com\/boutique\/wp-content\/uploads\/2018\/05\/JMD-3050-1024x682.jpg 1024w, https:\/\/www.jean-michel-ducasse.com\/boutique\/wp-content\/uploads\/2018\/05\/JMD-3050-scaled-416x277.jpg 416w, https:\/\/www.jean-michel-ducasse.com\/boutique\/wp-content\/uploads\/2018\/05\/JMD-3050-300x200.jpg 300w, https:\/\/www.jean-michel-ducasse.com\/boutique\/wp-content\/uploads\/2018\/05\/JMD-3050-768x511.jpg 768w, https:\/\/www.jean-michel-ducasse.com\/boutique\/wp-content\/uploads\/2018\/05\/JMD-3050-420x280.jpg 420w, https:\/\/www.jean-michel-ducasse.com\/boutique\/wp-content\/uploads\/2018\/05\/JMD-3050-600x399.jpg 600w, https:\/\/www.jean-michel-ducasse.com\/boutique\/wp-content\/uploads\/2018\/05\/JMD-3050-900x600.jpg 900w, https:\/\/www.jean-michel-ducasse.com\/boutique\/wp-content\/uploads\/2018\/05\/JMD-3050-1290x859.jpg 1290w\" sizes=\"auto, (max-width: 1024px) 100vw, 1024px\" \/><\/p>\n<h3>Photographe \u00e9v\u00e9nementiel<\/h3>\n<h4>Saisir les instants essentiels de votre \u00e9v\u00e9nement est le travail du\u00a0<strong>photographe \u00e9v\u00e9nementiel<\/strong><\/h4>\n<p>J&rsquo;utilise deux appareils professionnels pour pouvoir saisir les principaux instants de votre \u00e9v\u00e9nement. Discours, pr\u00e9sentations, entr\u00e9e des invit\u00e9s et VIP, portraits et vues d&rsquo;ensemble, remises de prix<br \/>\n<small>Tags : Reportage, \u00c9v\u00e9nementiel, Soir\u00e9es<\/small><\/p>\n<\/div><div  class=\"column one-third  \" >\n<p><a href=\"http:\/\/www.jean-michel-ducasse.com\/NEW\/wp-content\/uploads\/2017\/05\/JMD-7098.jpg\"><img loading=\"lazy\" decoding=\"async\" class=\"alignnone size-medium wp-image-314\" src=\"http:\/\/www.jean-michel-ducasse.com\/NEW\/wp-content\/uploads\/2017\/05\/JMD-7098-300x200.jpg\" alt=\"\" width=\"300\" height=\"200\" srcset=\"https:\/\/www.jean-michel-ducasse.com\/boutique\/wp-content\/uploads\/2017\/05\/JMD-7098-300x200.jpg 300w, https:\/\/www.jean-michel-ducasse.com\/boutique\/wp-content\/uploads\/2017\/05\/JMD-7098-scaled-416x277.jpg 416w, https:\/\/www.jean-michel-ducasse.com\/boutique\/wp-content\/uploads\/2017\/05\/JMD-7098-768x511.jpg 768w, https:\/\/www.jean-michel-ducasse.com\/boutique\/wp-content\/uploads\/2017\/05\/JMD-7098-1024x682.jpg 1024w, https:\/\/www.jean-michel-ducasse.com\/boutique\/wp-content\/uploads\/2017\/05\/JMD-7098-600x400.jpg 600w, https:\/\/www.jean-michel-ducasse.com\/boutique\/wp-content\/uploads\/2017\/05\/JMD-7098-420x280.jpg 420w, https:\/\/www.jean-michel-ducasse.com\/boutique\/wp-content\/uploads\/2017\/05\/JMD-7098-900x600.jpg 900w, https:\/\/www.jean-michel-ducasse.com\/boutique\/wp-content\/uploads\/2017\/05\/JMD-7098-1290x859.jpg 1290w\" sizes=\"auto, (max-width: 300px) 100vw, 300px\" \/><\/a><\/p>\n<\/div><div  class=\"column one-third last-col \" >\n<p><a href=\"http:\/\/www.jean-michel-ducasse.com\/NEW\/wp-content\/uploads\/2017\/05\/EXPAND-JMD-6909.jpg\"><img loading=\"lazy\" decoding=\"async\" class=\"alignnone size-medium wp-image-313\" src=\"http:\/\/www.jean-michel-ducasse.com\/NEW\/wp-content\/uploads\/2017\/05\/EXPAND-JMD-6909-300x200.jpg\" alt=\"\" width=\"300\" height=\"200\" srcset=\"https:\/\/www.jean-michel-ducasse.com\/boutique\/wp-content\/uploads\/2017\/05\/EXPAND-JMD-6909-300x200.jpg 300w, https:\/\/www.jean-michel-ducasse.com\/boutique\/wp-content\/uploads\/2017\/05\/EXPAND-JMD-6909-scaled-416x277.jpg 416w, https:\/\/www.jean-michel-ducasse.com\/boutique\/wp-content\/uploads\/2017\/05\/EXPAND-JMD-6909-768x511.jpg 768w, https:\/\/www.jean-michel-ducasse.com\/boutique\/wp-content\/uploads\/2017\/05\/EXPAND-JMD-6909-1024x682.jpg 1024w, https:\/\/www.jean-michel-ducasse.com\/boutique\/wp-content\/uploads\/2017\/05\/EXPAND-JMD-6909-600x400.jpg 600w, https:\/\/www.jean-michel-ducasse.com\/boutique\/wp-content\/uploads\/2017\/05\/EXPAND-JMD-6909-420x280.jpg 420w, https:\/\/www.jean-michel-ducasse.com\/boutique\/wp-content\/uploads\/2017\/05\/EXPAND-JMD-6909-900x600.jpg 900w, https:\/\/www.jean-michel-ducasse.com\/boutique\/wp-content\/uploads\/2017\/05\/EXPAND-JMD-6909-1290x859.jpg 1290w\" sizes=\"auto, (max-width: 300px) 100vw, 300px\" \/><\/a><\/p>\n<\/div><\/div><\/div><div class=\"spacer spacer-medium\"><\/div><div class=\"wrapper-small\"><div id=\"\" class=\"column-section clearfix spaced-normal \"><div  class=\"column one-full last-col \" >\n<h6 class=\"title-alt align-center  uppercase\">Chaque reportage est riche en rencontres et en d\u00e9couvertes<\/h6>\n<h2 style=\"text-align: center;\">Vous souhaitez me rencontrer ?<\/h2>\n<p>&nbsp;<\/p>\n<p style=\"text-align: center;\"><a href=\"https:\/\/www.jean-michel-ducasse.com\/boutique\/photographies-d-art\/boutique\/instants-italiens\/ikarus-caduto\/?attribute_dimension=Tirage+encadr%C3%A9+50x70cm\" class=\"sr-button style-1 button-medium\" >Contact<\/a><\/p>\n<\/div><\/div><\/div><div class=\"spacer spacer-big\"><\/div>\n","protected":false},"excerpt":{"rendered":"","protected":false},"author":1,"featured_media":0,"parent":0,"menu_order":0,"comment_status":"closed","ping_status":"closed","template":"","meta":{"_acf_changed":false,"footnotes":""},"class_list":["post-225","page","type-page","status-publish","hentry"],"acf":[],"_links":{"self":[{"href":"https:\/\/www.jean-michel-ducasse.com\/boutique\/wp-json\/wp\/v2\/pages\/225","targetHints":{"allow":["GET"]}}],"collection":[{"href":"https:\/\/www.jean-michel-ducasse.com\/boutique\/wp-json\/wp\/v2\/pages"}],"about":[{"href":"https:\/\/www.jean-michel-ducasse.com\/boutique\/wp-json\/wp\/v2\/types\/page"}],"author":[{"embeddable":true,"href":"https:\/\/www.jean-michel-ducasse.com\/boutique\/wp-json\/wp\/v2\/users\/1"}],"replies":[{"embeddable":true,"href":"https:\/\/www.jean-michel-ducasse.com\/boutique\/wp-json\/wp\/v2\/comments?post=225"}],"version-history":[{"count":31,"href":"https:\/\/www.jean-michel-ducasse.com\/boutique\/wp-json\/wp\/v2\/pages\/225\/revisions"}],"predecessor-version":[{"id":1522,"href":"https:\/\/www.jean-michel-ducasse.com\/boutique\/wp-json\/wp\/v2\/pages\/225\/revisions\/1522"}],"wp:attachment":[{"href":"https:\/\/www.jean-michel-ducasse.com\/boutique\/wp-json\/wp\/v2\/media?parent=225"}],"curies":[{"name":"wp","href":"https:\/\/api.w.org\/{rel}","templated":true}]}}